{"id":1495,"date":"2025-01-23T09:25:25","date_gmt":"2025-01-23T08:25:25","guid":{"rendered":"https:\/\/www.mobile-theater.de\/team\/"},"modified":"2025-07-28T11:38:26","modified_gmt":"2025-07-28T09:38:26","slug":"equipe","status":"publish","type":"page","link":"https:\/\/www.mobile-theater.de\/fr\/equipe\/","title":{"rendered":"\u00c9quipe"},"content":{"rendered":"<div class=\"wpb-content-wrapper\">[vc_row full_width=\u00a0\u00bbstretch_row\u00a0\u00bb content_placement=\u00a0\u00bbmiddle\u00a0\u00bb column_spacing=\u00a0\u00bb0px\u00a0\u00bb css=\u00a0\u00bb.vc_custom_1737967205207{margin-bottom: 50px !important;background-image: url(https:\/\/www.mobile-theater.de\/wp-content\/uploads\/2025\/01\/startseite_team_header_01.jpg?id=534) !important;background-position: center !important;background-repeat: no-repeat !important;background-size: cover !important;}\u00a0\u00bb wpex_bg_position=\u00a0\u00bbtop center\u00a0\u00bb el_class=\u00a0\u00bbheader_image\u00a0\u00bb][vc_column][vc_column_text css=\u00a0\u00bb\u00a0\u00bb text_align=\u00a0\u00bbcenter\u00a0\u00bb color=\u00a0\u00bb#ffffff\u00a0\u00bb]\n<h1>Les t\u00eates cr\u00e9atives de Mobil\u00e9 sont professionnelles et passionn\u00e9es.<\/h1>\n<div class=\"zitat\">\n<h2>En tant que concepteurs, auteurs et r\u00e9gisseurs reconnus, nous orchestrons les arts repr\u00e9sent\u00e9s.<\/h2>\n<\/div>\n[\/vc_column_text][\/vc_column][\/vc_row][vc_row max_width_custom=\u00a0\u00bb1024px\u00a0\u00bb][vc_column][vc_column_text css=\u00a0\u00bb.vc_custom_1753695471392{padding-bottom: 50px !important;}\u00a0\u00bb text_align=\u00a0\u00bbcenter\u00a0\u00bb]Les t\u00eates cr\u00e9atives derri\u00e8re les Die Mobil\u00e9s sont Stefan S\u00fcdkamp et Michaela K\u00f6hler-Schaer. Jusqu&rsquo;en mai 2025, Harald Fuss (membre fondateur des Die Mobil\u00e9s et metteur en sc\u00e8ne de Drunter + Dr\u00fcber, BeWeGung et Moving Shadows 1) en faisait \u00e9galement partie, avec la conception et la mise en sc\u00e8ne en tant que directeur. En tant qu&rsquo;hommes de th\u00e9\u00e2tre engag\u00e9s, ils r\u00e9alisent depuis les ann\u00e9es 80 des productions th\u00e9\u00e2trales de longue dur\u00e9e qui ont \u00e9t\u00e9 r\u00e9compens\u00e9es par de nombreux prix (Moving Shadows, BeWeGung, Drunter &amp; Dr\u00fcber, Ein Tag wie du und ich, Bilder einer Kirmes).<\/p>\n<p>Dans le domaine du BtoB, ils produisent en outre des ateliers d\u2018entreprise, des productions th\u00e9\u00e2trales, du teambuilding et de la sc\u00e9nographie \u00e9v\u00e9nementielle. Tous les trois sommes ou \u00e9tions nous-m\u00eame sur les planches en tant qu&rsquo;acteurs\/artistes et mettons les sujets en sc\u00e8nes en tant que concepteurs, auteurs et r\u00e9gisseurs, avec professionnalisme et passion.<\/p>\n<p>Les interpr\u00e8tes actifs de Die Mobil\u00e9 sont des pros exp\u00e9riment\u00e9s de tous les genres possibles et imaginables &#8211; acteurs, chanteurs d&rsquo;op\u00e9ra, danseurs et cabarettistes. La vaste palette artistique est unique et pour le noyau du groupe travaillant la conception, c&rsquo;est une bo\u00eete \u00e0 outils in\u00e9puisables pour des concepts sur-mesure. Ceux-ci sont entra\u00eenants d&rsquo;un point de vue \u00e9motion, plein d\u2019humour, positive et durable, dans le style ancien de Mobil\u00e9. Notre philosophie est d&rsquo;enchanter, divertir et faire bouger. Pour que vous puissiez vous \u00e9merveiller et rire. Pour que vous soyez le reflet de votre comportement et pour que vous puissiez changer de perspectives. Notre objectif est de relancer le \u00ab\u00a0cin\u00e9ma intellectuel\u00a0\u00bb avec des formes de communication efficaces. De toutes nos forces, nous travaillons jour apr\u00e8s jour, au fait de toujours rester un bon souvenir.[\/vc_column_text][\/vc_column][\/vc_row][vc_row][vc_column width=\u00a0\u00bb1\/6&Prime;][\/vc_column][vc_column width=\u00a0\u00bb2\/3&Prime;][vc_column_text css=\u00a0\u00bb\u00a0\u00bb]\n<div class=\"wpb_column vc_column_container vc_col-md-6\">\n<div class=\"vc_column-inner\">\n<div class=\"pic\" style=\"background-image: url('https:\/\/www.mobile-theater.de\/wp-content\/uploads\/2025\/01\/Stefan_Suedkamp.jpg'); height: 500px;\" tabindex=\"0\">\n<p><img decoding=\"async\" src=\"https:\/\/www.mobile-theater.de\/wp-content\/uploads\/2025\/01\/1x1.trans_.gif\" alt=\"\" \/><\/p>\n<div class=\"text\">\n<p class=\"datum\">Conception &amp; r\u00e9gie<\/p>\n<h2>STEFAN S\u00dcDKAMP<\/h2>\n<div class=\"text-details\">\n<p>&#8211; <strong> G\u00e9rant \u00ab\u00a0Die Mobil\u00e9s\u00a0\u00bb<\/strong><br \/>\n&#8211; Scientifique dipl\u00f4m\u00e9 en sport<br \/>\navec sp\u00e9cialit\u00e9 artistique<br \/>\n&#8211; Membre chez \u00ab\u00a0Die Mobil\u00e9s\u00a0\u00bb depuis 1986<br \/>\n&#8211; Artiste actif sur les planches<br \/>\n&#8211; Co-r\u00e9gisseur de la pi\u00e8ce de th\u00e9\u00e2tre<br \/>\nBeWeGung<br \/>\n&#8211; Metteur en sc\u00e8ne des pi\u00e8ces de th\u00e9\u00e2tre<br \/>\nMoving Shadows New, Our World!<br \/>\net Christmas Special<br \/>\n&#8211; Conception, cr\u00e9ation, organisation<br \/>\net r\u00e9gie.<\/p>\n<\/div>\n<div class=\"news_info_button\"><\/div>\n<\/div>\n<\/div>\n<\/div>\n<\/div>\n<p><!-- ENDE News Box --><\/p>\n<div class=\"wpb_column vc_column_container vc_col-md-6\">\n<div class=\"vc_column-inner\">\n<div class=\"pic\" style=\"background-image: url('https:\/\/www.mobile-theater.de\/wp-content\/uploads\/2025\/01\/Michaela-Koehler-Schaer_.jpg'); height: 500px;\" tabindex=\"0\">\n<p><img decoding=\"async\" src=\"https:\/\/www.mobile-theater.de\/wp-content\/uploads\/2025\/01\/1x1.trans_.gif\" alt=\"\" \/><\/p>\n<div class=\"text\">\n<p class=\"datum\">Conception &amp; r\u00e9gie<\/p>\n<h2>MICHAELA K\u00d6HLER-SCHAER<\/h2>\n<div class=\"text-details\">\n<p>&#8211; <strong> G\u00e9rante \u00ab\u00a0Die Mobil\u00e9s\u00a0\u00bb<\/strong><br \/>\n&#8211; Scientifique dipl\u00f4m\u00e9e en sport<br \/>\navec sp\u00e9cialit\u00e9 artistique<br \/>\n&#8211; Membre chez \u00ab\u00a0Die Mobil\u00e9s\u00a0\u00bb depuis 1983<br \/>\n&#8211; Artiste active sur les planches<br \/>\n&#8211; Metteur en sc\u00e8ne des pi\u00e8ces de th\u00e9\u00e2tre<br \/>\nMoving Shadows New, Our World!<br \/>\net Christmas Special<br \/>\n&#8211; Conception, cr\u00e9ation, organisation<br \/>\net r\u00e9gie.<\/p>\n<\/div>\n<div class=\"news_info_button\"><\/div>\n<\/div>\n<\/div>\n<\/div>\n<\/div>\n<p><!-- ENDE News Box -->[\/vc_column_text][\/vc_column][vc_column width=\u00a0\u00bb1\/6&Prime;][\/vc_column][\/vc_row][vc_row][vc_column][vc_column_text css=\u00a0\u00bb.vc_custom_1738094775884{padding-bottom: 50px !important;}\u00a0\u00bb text_align=\u00a0\u00bbcenter\u00a0\u00bb]\n<h3>Historique:<\/h3>\n<p>En 1979, Kafi Biermann a fond\u00e9 le \u00abK\u00f6lner Bewegungstheater Mobil\u00e9\u00bb, app\u00e9l\u00e9 plus tard \u201eLes Mobil\u00e9s\u201c, \u00e0 l\u2019Universit\u00e9 du Sport de Cologne. Le p\u00e8re fondateur Kafi Biermann, ancien professeur de la Spoho (Universit\u00e9 allemande des Sports), puis chanteur des \u201eBl\u00e4ck F\u00f6\u00f6ss\u201c (groupe musical de Cologne), avait une vision du th\u00e9\u00e2tre dont la r\u00e9alisation n\u2019a \u00e9t\u00e9 possible qu\u2019avec beaucoup de cr\u00e9ativit\u00e9, d\u2019esprit d\u2019\u00e9quipe et de passion. Pendant de nombreuses ann\u00e9es, ils ont gagn\u00e9 le c\u0153ur de leurs t\u00e9l\u00e9spectateurs et ont obtenu un public de plusieurs millions de personnes en pr\u00e9sentant leurs spectacles notamment dans \u201eAktuelles Sportstudio ZDF\u201c (\u00e9mission de sports) et \u201eWetten, dass ?\u201c (\u00e9mission de divertissement). De nombreux spectacles t\u00e9l\u00e9vis\u00e9s et \u00e9v\u00e9nements internationaux ont consolid\u00e9 leur renomm\u00e9e.<\/p>\n<p>Outre leur travail th\u00e9\u00e2tral dans un contexte culturel, les cr\u00e9atifs de Cologne produisent, depuis plus de 35 ans, des spectacles sur mesure dans le monde entier.[\/vc_column_text][\/vc_column][\/vc_row]\n<\/div>","protected":false},"excerpt":{"rendered":"<p>[vc_row full_width=\u00a0\u00bbstretch_row\u00a0\u00bb content_placement=\u00a0\u00bbmiddle\u00a0\u00bb column_spacing=\u00a0\u00bb0px\u00a0\u00bb css=\u00a0\u00bb.vc_custom_1737967205207{margin-bottom: 50px !important;background-image: url(https:\/\/www.mobile-theater.de\/wp-content\/uploads\/2025\/01\/startseite_team_header_01.jpg?id=534) !important;background-position: center !important;background-repeat: no-repeat !important;background-size: cover !important;}\u00a0\u00bb wpex_bg_position=\u00a0\u00bbtop center\u00a0\u00bb el_class=\u00a0\u00bbheader_image\u00a0\u00bb][vc_column][vc_column_text css=\u00a0\u00bb\u00a0\u00bb text_align=\u00a0\u00bbcenter\u00a0\u00bb color=\u00a0\u00bb#ffffff\u00a0\u00bb] Les t\u00eates cr\u00e9atives de Mobil\u00e9 sont professionnelles et passionn\u00e9es. En tant que concepteurs, auteurs et r\u00e9gisseurs reconnus, nous orchestrons les arts repr\u00e9sent\u00e9s. [\/vc_column_text][\/vc_column][\/vc_row][vc_row max_width_custom=\u00a0\u00bb1024px\u00a0\u00bb][vc_column][vc_column_text css=\u00a0\u00bb.vc_custom_1753695471392{padding-bottom: 50px !important;}\u00a0\u00bb text_align=\u00a0\u00bbcenter\u00a0\u00bb]Les t\u00eates cr\u00e9atives derri\u00e8re les Die Mobil\u00e9s&hellip;<\/p>\n","protected":false},"author":1,"featured_media":0,"parent":0,"menu_order":0,"comment_status":"closed","ping_status":"closed","template":"","meta":{"_acf_changed":false,"footnotes":""},"class_list":["post-1495","page","type-page","status-publish","hentry","entry","no-media"],"acf":[],"yoast_head":"<!-- This site is optimized with the Yoast SEO plugin v27.5 - https:\/\/yoast.com\/product\/yoast-seo-wordpress\/ -->\n<title>\u00c9quipe - die Mobil\u00e9s<\/title>\n<meta name=\"robots\" content=\"index, follow, max-snippet:-1, max-image-preview:large, max-video-preview:-1\" \/>\n<link rel=\"canonical\" href=\"https:\/\/www.mobile-theater.de\/fr\/equipe\/\" \/>\n<meta property=\"og:locale\" content=\"fr_FR\" \/>\n<meta property=\"og:type\" content=\"article\" \/>\n<meta property=\"og:title\" content=\"\u00c9quipe - die Mobil\u00e9s\" \/>\n<meta property=\"og:description\" content=\"[vc_row full_width=\u00a0\u00bbstretch_row\u00a0\u00bb content_placement=\u00a0\u00bbmiddle\u00a0\u00bb column_spacing=\u00a0\u00bb0px\u00a0\u00bb css=\u00a0\u00bb.vc_custom_1737967205207{margin-bottom: 50px !important;background-image: url(https:\/\/www.mobile-theater.de\/wp-content\/uploads\/2025\/01\/startseite_team_header_01.jpg?id=534) !important;background-position: center !important;background-repeat: no-repeat !important;background-size: cover !important;}\u00a0\u00bb wpex_bg_position=\u00a0\u00bbtop center\u00a0\u00bb el_class=\u00a0\u00bbheader_image\u00a0\u00bb][vc_column][vc_column_text css=\u00a0\u00bb\u00a0\u00bb text_align=\u00a0\u00bbcenter\u00a0\u00bb color=\u00a0\u00bb#ffffff\u00a0\u00bb] Les t\u00eates cr\u00e9atives de Mobil\u00e9 sont professionnelles et passionn\u00e9es. En tant que concepteurs, auteurs et r\u00e9gisseurs reconnus, nous orchestrons les arts repr\u00e9sent\u00e9s. [\/vc_column_text][\/vc_column][\/vc_row][vc_row max_width_custom=\u00a0\u00bb1024px\u00a0\u00bb][vc_column][vc_column_text css=\u00a0\u00bb.vc_custom_1753695471392{padding-bottom: 50px !important;}\u00a0\u00bb text_align=\u00a0\u00bbcenter\u00a0\u00bb]Les t\u00eates cr\u00e9atives derri\u00e8re les Die Mobil\u00e9s&hellip;\" \/>\n<meta property=\"og:url\" content=\"https:\/\/www.mobile-theater.de\/fr\/equipe\/\" \/>\n<meta property=\"og:site_name\" content=\"die Mobil\u00e9s\" \/>\n<meta property=\"article:modified_time\" content=\"2025-07-28T09:38:26+00:00\" \/>\n<meta property=\"og:image\" content=\"https:\/\/www.mobile-theater.de\/wp-content\/uploads\/2025\/01\/1x1.trans_.gif\" \/>\n<meta name=\"twitter:card\" content=\"summary_large_image\" \/>\n<meta name=\"twitter:label1\" content=\"Dur\u00e9e de lecture estim\u00e9e\" \/>\n\t<meta name=\"twitter:data1\" content=\"4 minutes\" \/>\n<script type=\"application\/ld+json\" class=\"yoast-schema-graph\">{\"@context\":\"https:\\\/\\\/schema.org\",\"@graph\":[{\"@type\":\"WebPage\",\"@id\":\"https:\\\/\\\/www.mobile-theater.de\\\/fr\\\/equipe\\\/\",\"url\":\"https:\\\/\\\/www.mobile-theater.de\\\/fr\\\/equipe\\\/\",\"name\":\"\u00c9quipe - die Mobil\u00e9s\",\"isPartOf\":{\"@id\":\"https:\\\/\\\/www.mobile-theater.de\\\/fr\\\/#website\"},\"primaryImageOfPage\":{\"@id\":\"https:\\\/\\\/www.mobile-theater.de\\\/fr\\\/equipe\\\/#primaryimage\"},\"image\":{\"@id\":\"https:\\\/\\\/www.mobile-theater.de\\\/fr\\\/equipe\\\/#primaryimage\"},\"thumbnailUrl\":\"https:\\\/\\\/www.mobile-theater.de\\\/wp-content\\\/uploads\\\/2025\\\/01\\\/1x1.trans_.gif\",\"datePublished\":\"2025-01-23T08:25:25+00:00\",\"dateModified\":\"2025-07-28T09:38:26+00:00\",\"breadcrumb\":{\"@id\":\"https:\\\/\\\/www.mobile-theater.de\\\/fr\\\/equipe\\\/#breadcrumb\"},\"inLanguage\":\"fr-FR\",\"potentialAction\":[{\"@type\":\"ReadAction\",\"target\":[\"https:\\\/\\\/www.mobile-theater.de\\\/fr\\\/equipe\\\/\"]}]},{\"@type\":\"ImageObject\",\"inLanguage\":\"fr-FR\",\"@id\":\"https:\\\/\\\/www.mobile-theater.de\\\/fr\\\/equipe\\\/#primaryimage\",\"url\":\"https:\\\/\\\/www.mobile-theater.de\\\/wp-content\\\/uploads\\\/2025\\\/01\\\/1x1.trans_.gif\",\"contentUrl\":\"https:\\\/\\\/www.mobile-theater.de\\\/wp-content\\\/uploads\\\/2025\\\/01\\\/1x1.trans_.gif\"},{\"@type\":\"BreadcrumbList\",\"@id\":\"https:\\\/\\\/www.mobile-theater.de\\\/fr\\\/equipe\\\/#breadcrumb\",\"itemListElement\":[{\"@type\":\"ListItem\",\"position\":1,\"name\":\"Startseite\",\"item\":\"https:\\\/\\\/www.mobile-theater.de\\\/fr\\\/\"},{\"@type\":\"ListItem\",\"position\":2,\"name\":\"\u00c9quipe\"}]},{\"@type\":\"WebSite\",\"@id\":\"https:\\\/\\\/www.mobile-theater.de\\\/fr\\\/#website\",\"url\":\"https:\\\/\\\/www.mobile-theater.de\\\/fr\\\/\",\"name\":\"die Mobil\u00e9s\",\"description\":\"\",\"publisher\":{\"@id\":\"https:\\\/\\\/www.mobile-theater.de\\\/fr\\\/#organization\"},\"potentialAction\":[{\"@type\":\"SearchAction\",\"target\":{\"@type\":\"EntryPoint\",\"urlTemplate\":\"https:\\\/\\\/www.mobile-theater.de\\\/fr\\\/?s={search_term_string}\"},\"query-input\":{\"@type\":\"PropertyValueSpecification\",\"valueRequired\":true,\"valueName\":\"search_term_string\"}}],\"inLanguage\":\"fr-FR\"},{\"@type\":\"Organization\",\"@id\":\"https:\\\/\\\/www.mobile-theater.de\\\/fr\\\/#organization\",\"name\":\"die Mobil\u00e9s\",\"url\":\"https:\\\/\\\/www.mobile-theater.de\\\/fr\\\/\",\"logo\":{\"@type\":\"ImageObject\",\"inLanguage\":\"fr-FR\",\"@id\":\"https:\\\/\\\/www.mobile-theater.de\\\/fr\\\/#\\\/schema\\\/logo\\\/image\\\/\",\"url\":\"https:\\\/\\\/www.mobile-theater.de\\\/wp-content\\\/uploads\\\/2025\\\/01\\\/logo_diemobiles.svg\",\"contentUrl\":\"https:\\\/\\\/www.mobile-theater.de\\\/wp-content\\\/uploads\\\/2025\\\/01\\\/logo_diemobiles.svg\",\"caption\":\"die Mobil\u00e9s\"},\"image\":{\"@id\":\"https:\\\/\\\/www.mobile-theater.de\\\/fr\\\/#\\\/schema\\\/logo\\\/image\\\/\"}}]}<\/script>\n<!-- \/ Yoast SEO plugin. -->","yoast_head_json":{"title":"\u00c9quipe - die Mobil\u00e9s","robots":{"index":"index","follow":"follow","max-snippet":"max-snippet:-1","max-image-preview":"max-image-preview:large","max-video-preview":"max-video-preview:-1"},"canonical":"https:\/\/www.mobile-theater.de\/fr\/equipe\/","og_locale":"fr_FR","og_type":"article","og_title":"\u00c9quipe - die Mobil\u00e9s","og_description":"[vc_row full_width=\u00a0\u00bbstretch_row\u00a0\u00bb content_placement=\u00a0\u00bbmiddle\u00a0\u00bb column_spacing=\u00a0\u00bb0px\u00a0\u00bb css=\u00a0\u00bb.vc_custom_1737967205207{margin-bottom: 50px !important;background-image: url(https:\/\/www.mobile-theater.de\/wp-content\/uploads\/2025\/01\/startseite_team_header_01.jpg?id=534) !important;background-position: center !important;background-repeat: no-repeat !important;background-size: cover !important;}\u00a0\u00bb wpex_bg_position=\u00a0\u00bbtop center\u00a0\u00bb el_class=\u00a0\u00bbheader_image\u00a0\u00bb][vc_column][vc_column_text css=\u00a0\u00bb\u00a0\u00bb text_align=\u00a0\u00bbcenter\u00a0\u00bb color=\u00a0\u00bb#ffffff\u00a0\u00bb] Les t\u00eates cr\u00e9atives de Mobil\u00e9 sont professionnelles et passionn\u00e9es. En tant que concepteurs, auteurs et r\u00e9gisseurs reconnus, nous orchestrons les arts repr\u00e9sent\u00e9s. [\/vc_column_text][\/vc_column][\/vc_row][vc_row max_width_custom=\u00a0\u00bb1024px\u00a0\u00bb][vc_column][vc_column_text css=\u00a0\u00bb.vc_custom_1753695471392{padding-bottom: 50px !important;}\u00a0\u00bb text_align=\u00a0\u00bbcenter\u00a0\u00bb]Les t\u00eates cr\u00e9atives derri\u00e8re les Die Mobil\u00e9s&hellip;","og_url":"https:\/\/www.mobile-theater.de\/fr\/equipe\/","og_site_name":"die Mobil\u00e9s","article_modified_time":"2025-07-28T09:38:26+00:00","og_image":[{"url":"https:\/\/www.mobile-theater.de\/wp-content\/uploads\/2025\/01\/1x1.trans_.gif","type":"","width":"","height":""}],"twitter_card":"summary_large_image","twitter_misc":{"Dur\u00e9e de lecture estim\u00e9e":"4 minutes"},"schema":{"@context":"https:\/\/schema.org","@graph":[{"@type":"WebPage","@id":"https:\/\/www.mobile-theater.de\/fr\/equipe\/","url":"https:\/\/www.mobile-theater.de\/fr\/equipe\/","name":"\u00c9quipe - die Mobil\u00e9s","isPartOf":{"@id":"https:\/\/www.mobile-theater.de\/fr\/#website"},"primaryImageOfPage":{"@id":"https:\/\/www.mobile-theater.de\/fr\/equipe\/#primaryimage"},"image":{"@id":"https:\/\/www.mobile-theater.de\/fr\/equipe\/#primaryimage"},"thumbnailUrl":"https:\/\/www.mobile-theater.de\/wp-content\/uploads\/2025\/01\/1x1.trans_.gif","datePublished":"2025-01-23T08:25:25+00:00","dateModified":"2025-07-28T09:38:26+00:00","breadcrumb":{"@id":"https:\/\/www.mobile-theater.de\/fr\/equipe\/#breadcrumb"},"inLanguage":"fr-FR","potentialAction":[{"@type":"ReadAction","target":["https:\/\/www.mobile-theater.de\/fr\/equipe\/"]}]},{"@type":"ImageObject","inLanguage":"fr-FR","@id":"https:\/\/www.mobile-theater.de\/fr\/equipe\/#primaryimage","url":"https:\/\/www.mobile-theater.de\/wp-content\/uploads\/2025\/01\/1x1.trans_.gif","contentUrl":"https:\/\/www.mobile-theater.de\/wp-content\/uploads\/2025\/01\/1x1.trans_.gif"},{"@type":"BreadcrumbList","@id":"https:\/\/www.mobile-theater.de\/fr\/equipe\/#breadcrumb","itemListElement":[{"@type":"ListItem","position":1,"name":"Startseite","item":"https:\/\/www.mobile-theater.de\/fr\/"},{"@type":"ListItem","position":2,"name":"\u00c9quipe"}]},{"@type":"WebSite","@id":"https:\/\/www.mobile-theater.de\/fr\/#website","url":"https:\/\/www.mobile-theater.de\/fr\/","name":"die Mobil\u00e9s","description":"","publisher":{"@id":"https:\/\/www.mobile-theater.de\/fr\/#organization"},"potentialAction":[{"@type":"SearchAction","target":{"@type":"EntryPoint","urlTemplate":"https:\/\/www.mobile-theater.de\/fr\/?s={search_term_string}"},"query-input":{"@type":"PropertyValueSpecification","valueRequired":true,"valueName":"search_term_string"}}],"inLanguage":"fr-FR"},{"@type":"Organization","@id":"https:\/\/www.mobile-theater.de\/fr\/#organization","name":"die Mobil\u00e9s","url":"https:\/\/www.mobile-theater.de\/fr\/","logo":{"@type":"ImageObject","inLanguage":"fr-FR","@id":"https:\/\/www.mobile-theater.de\/fr\/#\/schema\/logo\/image\/","url":"https:\/\/www.mobile-theater.de\/wp-content\/uploads\/2025\/01\/logo_diemobiles.svg","contentUrl":"https:\/\/www.mobile-theater.de\/wp-content\/uploads\/2025\/01\/logo_diemobiles.svg","caption":"die Mobil\u00e9s"},"image":{"@id":"https:\/\/www.mobile-theater.de\/fr\/#\/schema\/logo\/image\/"}}]}},"_links":{"self":[{"href":"https:\/\/www.mobile-theater.de\/fr\/wp-json\/wp\/v2\/pages\/1495","targetHints":{"allow":["GET"]}}],"collection":[{"href":"https:\/\/www.mobile-theater.de\/fr\/wp-json\/wp\/v2\/pages"}],"about":[{"href":"https:\/\/www.mobile-theater.de\/fr\/wp-json\/wp\/v2\/types\/page"}],"author":[{"embeddable":true,"href":"https:\/\/www.mobile-theater.de\/fr\/wp-json\/wp\/v2\/users\/1"}],"replies":[{"embeddable":true,"href":"https:\/\/www.mobile-theater.de\/fr\/wp-json\/wp\/v2\/comments?post=1495"}],"version-history":[{"count":8,"href":"https:\/\/www.mobile-theater.de\/fr\/wp-json\/wp\/v2\/pages\/1495\/revisions"}],"predecessor-version":[{"id":2268,"href":"https:\/\/www.mobile-theater.de\/fr\/wp-json\/wp\/v2\/pages\/1495\/revisions\/2268"}],"wp:attachment":[{"href":"https:\/\/www.mobile-theater.de\/fr\/wp-json\/wp\/v2\/media?parent=1495"}],"curies":[{"name":"wp","href":"https:\/\/api.w.org\/{rel}","templated":true}]}}